{"id":1078,"date":"2024-06-27T14:38:45","date_gmt":"2024-06-27T14:38:45","guid":{"rendered":"https:\/\/www.flamboyant-elion.94-102-211-149.plesk.page\/?page_id=1078"},"modified":"2024-07-05T08:35:05","modified_gmt":"2024-07-05T08:35:05","slug":"impressum","status":"publish","type":"page","link":"https:\/\/www.logopaedie-wortreich.de\/index.php\/impressum\/","title":{"rendered":"Impressum"},"content":{"rendered":"\t\t<div data-elementor-type=\"wp-page\" data-elementor-id=\"1078\" class=\"elementor elementor-1078\" data-elementor-post-type=\"page\">\n\t\t\t\t\t\t<section class=\"elementor-section elementor-top-section elementor-element elementor-element-5b04e809 elementor-section-boxed elementor-section-height-default elementor-section-height-default elementor-invisible\" data-id=\"5b04e809\" data-element_type=\"section\" data-settings=\"{&quot;background_background&quot;:&quot;classic&quot;,&quot;animation&quot;:&quot;slideInLeft&quot;}\">\n\t\t\t\t\t\t<div class=\"elementor-container elementor-column-gap-default\">\n\t\t\t\t\t<div class=\"elementor-column elementor-col-100 elementor-top-column elementor-element elementor-element-6ecddb58\" data-id=\"6ecddb58\" data-element_type=\"column\">\n\t\t\t<div class=\"elementor-widget-wrap elementor-element-populated\">\n\t\t\t\t\t\t<div class=\"elementor-element elementor-element-71864e98 elementor-invisible elementor-widget elementor-widget-spacer\" data-id=\"71864e98\" data-element_type=\"widget\" data-settings=\"{&quot;_animation&quot;:&quot;slideInLeft&quot;}\" data-widget_type=\"spacer.default\">\n\t\t\t\t<div class=\"elementor-widget-container\">\n\t\t\t\t\t<div class=\"elementor-spacer\">\n\t\t\t<div class=\"elementor-spacer-inner\"><\/div>\n\t\t<\/div>\n\t\t\t\t<\/div>\n\t\t\t\t<\/div>\n\t\t\t\t\t<\/div>\n\t\t<\/div>\n\t\t\t\t\t<\/div>\n\t\t<\/section>\n\t\t\t\t<section class=\"elementor-section elementor-top-section elementor-element elementor-element-afd7c60 elementor-section-boxed elementor-section-height-default elementor-section-height-default\" data-id=\"afd7c60\" data-element_type=\"section\">\n\t\t\t\t\t\t<div class=\"elementor-container elementor-column-gap-default\">\n\t\t\t\t\t<div class=\"elementor-column elementor-col-100 elementor-top-column elementor-element elementor-element-f34e16f\" data-id=\"f34e16f\" data-element_type=\"column\">\n\t\t\t<div class=\"elementor-widget-wrap elementor-element-populated\">\n\t\t\t\t\t\t<div class=\"elementor-element elementor-element-dc03b55 elementor-widget elementor-widget-heading\" data-id=\"dc03b55\" data-element_type=\"widget\" data-widget_type=\"heading.default\">\n\t\t\t\t<div class=\"elementor-widget-container\">\n\t\t\t<h2 class=\"elementor-heading-title elementor-size-default\">ImPRESSUM<\/h2>\t\t<\/div>\n\t\t\t\t<\/div>\n\t\t\t\t<div class=\"elementor-element elementor-element-9e45043 elementor-widget elementor-widget-text-editor\" data-id=\"9e45043\" data-element_type=\"widget\" data-widget_type=\"text-editor.default\">\n\t\t\t\t<div class=\"elementor-widget-container\">\n\t\t\t\t\t\t\t<div><h3>Angaben gem\u00e4\u00df \u00a7 5 TMG:<\/h3><p>Nicole Riedmair<br \/>WORTREICH &#8211; Ganzheitliche Sprachtherapie<br \/>Pfarrer-Zauner-Stra\u00dfe 8<br \/>85635 H\u00f6henkirchen &#8211; Siegertsbrunn<\/p><\/div><p>Umsatzsteuerbefreit nach \u00a7 4 Nr. 14 UStG f\u00fcr stimm-, sprech- und sprachtherapeutische Leistungen.<\/p><div><h3>Kontakt:<\/h3><p>Telefon: 08102 8921180<br \/>Telefax: 08102 8921179<br \/>E-Mail: info@wortreich-sprachtherapie.de<\/p><h3>Aufsichtsbeh\u00f6rde:<\/h3><p>Die Krankenkasse des Versicherten.<\/p><h3>Berufsbezeichnung und berufsrechtliche Regelungen<\/h3><p>Berufsbezeichnung: akad. Sprachtherapeutin<br \/>Verliehen durch: Deutschland<br \/>Es gelten folgende berufsrechtliche Regelungen: \u00a7 124 SBG V<br \/>Regelungen einsehbar unter: <a href=\"http:\/\/www.gesetze-im-internet.de\/sgb_5\/__124.html\" target=\"_blank\" rel=\"noopener\">http:\/\/www.gesetze-im-internet.de\/sgb_5\/__124.html<\/a><\/p><h3>Angaben zur Berufshaftpflichtversicherung<\/h3><p>Name und Sitz des Versicherers:<br \/>N\u00fcrnberger Versicherungsgruppe<br \/>90334 N\u00fcrnberg<\/p><p>Geltungsraum der Versicherung: Deutschland<\/p><h3>Streitschlichtung<\/h3><p>Die Europ\u00e4ische Kommission stellt eine Plattform zur Online-Streitbeilegung (OS) bereit: <a href=\"https:\/\/ec.europa.eu\/consumers\/odr\" target=\"_blank\" rel=\"noopener\">https:\/\/ec.europa.eu\/consumers\/odr<\/a>.<br \/>Unsere E-Mail-Adresse finden Sie oben im Impressum.<\/p><p>Wir sind nicht bereit oder verpflichtet, an Streitbeilegungsverfahren vor einer Verbraucherschlichtungsstelle teilzunehmen.<\/p><h3>Haftung f\u00fcr Inhalte<\/h3><p>Als Diensteanbieter sind wir gem\u00e4\u00df \u00a7 7 Abs.1 TMG f\u00fcr eigene Inhalte<br \/>auf diesen Seiten nach den allgemeinen Gesetzen verantwortlich. Nach \u00a7\u00a7 8<br \/>bis 10 TMG sind wir als Diensteanbieter jedoch nicht verpflichtet,<br \/>\u00fcbermittelte oder gespeicherte fremde Informationen zu \u00fcberwachen oder<br \/>nach Umst\u00e4nden zu forschen, die auf eine rechtswidrige T\u00e4tigkeit<br \/>hinweisen.<\/p><p>Verpflichtungen zur Entfernung oder Sperrung der Nutzung von<br \/>Informationen nach den allgemeinen Gesetzen bleiben hiervon unber\u00fchrt.<br \/>Eine diesbez\u00fcgliche Haftung ist jedoch erst ab dem Zeitpunkt der<br \/>Kenntnis einer konkreten Rechtsverletzung m\u00f6glich. Bei Bekanntwerden von<br \/>entsprechenden Rechtsverletzungen werden wir diese Inhalte umgehend<br \/>entfernen.<\/p><h3>Haftung f\u00fcr Links<\/h3><p>Unser Angebot enth\u00e4lt Links zu externen Websites Dritter, auf deren<br \/>Inhalte wir keinen Einfluss haben. Deshalb k\u00f6nnen wir f\u00fcr diese fremden<br \/>Inhalte auch keine Gew\u00e4hr \u00fcbernehmen. F\u00fcr die Inhalte der verlinkten<br \/>Seiten ist stets der jeweilige Anbieter oder Betreiber der Seiten<br \/>verantwortlich. Die verlinkten Seiten wurden zum Zeitpunkt der<br \/>Verlinkung auf m\u00f6gliche Rechtsverst\u00f6\u00dfe \u00fcberpr\u00fcft. Rechtswidrige Inhalte<br \/>waren zum Zeitpunkt der Verlinkung nicht erkennbar.<\/p><p>Eine permanente inhaltliche Kontrolle der verlinkten Seiten ist<br \/>jedoch ohne konkrete Anhaltspunkte einer Rechtsverletzung nicht<br \/>zumutbar. Bei Bekanntwerden von Rechtsverletzungen werden wir derartige<br \/>Links umgehend entfernen.<\/p><h3>Urheberrecht<\/h3><p>Die durch die Seitenbetreiber erstellten Inhalte und Werke auf diesen<br \/>Seiten unterliegen dem deutschen Urheberrecht. Die Vervielf\u00e4ltigung,<br \/>Bearbeitung, Verbreitung und jede Art der Verwertung au\u00dferhalb der<br \/>Grenzen des Urheberrechtes bed\u00fcrfen der schriftlichen Zustimmung des<br \/>jeweiligen Autors bzw. Erstellers. Downloads und Kopien dieser Seite<br \/>sind nur f\u00fcr den privaten, nicht kommerziellen Gebrauch gestattet.<\/p><p>Soweit die Inhalte auf dieser Seite nicht vom Betreiber erstellt<br \/>wurden, werden die Urheberrechte Dritter beachtet. Insbesondere werden<br \/>Inhalte Dritter als solche gekennzeichnet. Sollten Sie trotzdem auf eine<br \/>Urheberrechtsverletzung aufmerksam werden, bitten wir um einen<br \/>entsprechenden Hinweis. Bei Bekanntwerden von Rechtsverletzungen werden<br \/>wir derartige Inhalte umgehend entfernen.<\/p><div><div><h2>Bildrechte<\/h2><p>Wortreich &#8211; Nicole Riedmair \/ Denise Bachmann Fotografie<br \/>Envato Elements<\/p><\/div><h2>Webdesign<\/h2><p><a href=\"https:\/\/www.werbehaus-muenchen.de\" target=\"_blank\" rel=\"noopener\">Werbehaus360 GmbH &amp; Co. KG<\/a><\/p><\/div><\/div>\t\t\t\t\t\t<\/div>\n\t\t\t\t<\/div>\n\t\t\t\t\t<\/div>\n\t\t<\/div>\n\t\t\t\t\t<\/div>\n\t\t<\/section>\n\t\t\t\t<\/div>\n\t\t","protected":false},"excerpt":{"rendered":"<p>ImPRESSUM Angaben gem\u00e4\u00df \u00a7 5 TMG: Nicole RiedmairWORTREICH &#8211; Ganzheitliche SprachtherapiePfarrer-Zauner-Stra\u00dfe 885635 H\u00f6henkirchen &#8211; Siegertsbrunn Umsatzsteuerbefreit nach \u00a7 4 Nr. 14 UStG f\u00fcr stimm-, sprech- und sprachtherapeutische Leistungen. Kontakt: Telefon: 08102 8921180Telefax: 08102 8921179E-Mail: info@wortreich-sprachtherapie.de Aufsichtsbeh\u00f6rde: Die Krankenkasse des Versicherten. Berufsbezeichnung und berufsrechtliche Regelungen Berufsbezeichnung: akad. SprachtherapeutinVerliehen durch: DeutschlandEs gelten folgende berufsrechtliche Regelungen: \u00a7 124 [&hellip;]<\/p>\n","protected":false},"author":1,"featured_media":0,"parent":0,"menu_order":0,"comment_status":"closed","ping_status":"closed","template":"","meta":{"footnotes":""},"class_list":["post-1078","page","type-page","status-publish","hentry"],"_links":{"self":[{"href":"https:\/\/www.logopaedie-wortreich.de\/index.php\/wp-json\/wp\/v2\/pages\/1078","targetHints":{"allow":["GET"]}}],"collection":[{"href":"https:\/\/www.logopaedie-wortreich.de\/index.php\/wp-json\/wp\/v2\/pages"}],"about":[{"href":"https:\/\/www.logopaedie-wortreich.de\/index.php\/wp-json\/wp\/v2\/types\/page"}],"author":[{"embeddable":true,"href":"https:\/\/www.logopaedie-wortreich.de\/index.php\/wp-json\/wp\/v2\/users\/1"}],"replies":[{"embeddable":true,"href":"https:\/\/www.logopaedie-wortreich.de\/index.php\/wp-json\/wp\/v2\/comments?post=1078"}],"version-history":[{"count":22,"href":"https:\/\/www.logopaedie-wortreich.de\/index.php\/wp-json\/wp\/v2\/pages\/1078\/revisions"}],"predecessor-version":[{"id":1155,"href":"https:\/\/www.logopaedie-wortreich.de\/index.php\/wp-json\/wp\/v2\/pages\/1078\/revisions\/1155"}],"wp:attachment":[{"href":"https:\/\/www.logopaedie-wortreich.de\/index.php\/wp-json\/wp\/v2\/media?parent=1078"}],"curies":[{"name":"wp","href":"https:\/\/api.w.org\/{rel}","templated":true}]}}